{"id":4440,"date":"2018-12-13T10:16:08","date_gmt":"2018-12-13T09:16:08","guid":{"rendered":"https:\/\/www.iso-institut.de\/?page_id=4440"},"modified":"2021-04-29T16:41:48","modified_gmt":"2021-04-29T14:41:48","slug":"moderation-runder-tisch-demenz-im-krankenhaus-saarland","status":"publish","type":"project","link":"https:\/\/www.iso-institut.de\/en\/project\/moderation-runder-tisch-demenz-im-krankenhaus-saarland\/","title":{"rendered":"Moderation Runder Tisch &#8222;Demenz im Krankenhaus&#8220; Saarland"},"content":{"rendered":"<p>[et_pb_section fb_built=&#8220;1&#8243; inner_shadow=&#8220;on&#8220; fullwidth=&#8220;on&#8220; _builder_version=&#8220;3.22&#8243; background_color=&#8220;#2ea3f2&#8243; use_background_color_gradient=&#8220;on&#8220; background_color_gradient_start=&#8220;#2ea3f2&#8243; background_color_gradient_end=&#8220;#2e6df4&#8243; background_color_gradient_direction=&#8220;330deg&#8220;][et_pb_fullwidth_header title=&#8220;Moderation Runder Tisch %22Demenz im Krankenhaus%22 Saarland&#8220; subhead=&#8220;abgeschlossen 12\/2015&#8243; admin_label=&#8220;Vollbreite Kopfzeile Demenz im Krankenhaus&#8220; _builder_version=&#8220;3.16&#8243; custom_margin=&#8220;-40px||-40px||true&#8220; button_one_text_size__hover_enabled=&#8220;off&#8220; button_one_text_size__hover=&#8220;null&#8220; button_two_text_size__hover_enabled=&#8220;off&#8220; button_two_text_size__hover=&#8220;null&#8220; button_one_text_color__hover_enabled=&#8220;off&#8220; button_one_text_color__hover=&#8220;null&#8220; button_two_text_color__hover_enabled=&#8220;off&#8220; button_two_text_color__hover=&#8220;null&#8220; button_one_border_width__hover_enabled=&#8220;off&#8220; button_one_border_width__hover=&#8220;null&#8220; button_two_border_width__hover_enabled=&#8220;off&#8220; button_two_border_width__hover=&#8220;null&#8220; button_one_border_color__hover_enabled=&#8220;off&#8220; button_one_border_color__hover=&#8220;null&#8220; button_two_border_color__hover_enabled=&#8220;off&#8220; button_two_border_color__hover=&#8220;null&#8220; button_one_border_radius__hover_enabled=&#8220;off&#8220; button_one_border_radius__hover=&#8220;null&#8220; button_two_border_radius__hover_enabled=&#8220;off&#8220; button_two_border_radius__hover=&#8220;null&#8220; button_one_letter_spacing__hover_enabled=&#8220;off&#8220; button_one_letter_spacing__hover=&#8220;null&#8220; button_two_letter_spacing__hover_enabled=&#8220;off&#8220; button_two_letter_spacing__hover=&#8220;null&#8220; button_one_bg_color__hover_enabled=&#8220;off&#8220; button_one_bg_color__hover=&#8220;null&#8220; button_two_bg_color__hover_enabled=&#8220;off&#8220; button_two_bg_color__hover=&#8220;null&#8220;][\/et_pb_fullwidth_header][\/et_pb_section][et_pb_section fb_built=&#8220;1&#8243; specialty=&#8220;on&#8220; _builder_version=&#8220;3.22&#8243; custom_padding=&#8220;54px|0px|0|0px|false|false&#8220;][et_pb_column type=&#8220;3_4&#8243; specialty_columns=&#8220;3&#8243; _builder_version=&#8220;3.25&#8243; custom_padding=&#8220;|||&#8220; custom_padding__hover=&#8220;|||&#8220;][et_pb_row_inner _builder_version=&#8220;3.25&#8243;][et_pb_column_inner saved_specialty_column_type=&#8220;3_4&#8243; _builder_version=&#8220;3.25&#8243; custom_padding=&#8220;|||&#8220; custom_padding__hover=&#8220;|||&#8220;][et_pb_text admin_label=&#8220;Text Demenz im Krankenhaus&#8220; _builder_version=&#8220;4.6.3&#8243; background_size=&#8220;initial&#8220; background_position=&#8220;top_left&#8220; background_repeat=&#8220;repeat&#8220; inline_fonts=&#8220;Verdana&#8220;]<\/p>\n<p style=\"text-align: left;\">Wie in verschiedenen Untersuchungen gezeigt werden konnte, sind Krankenhausaufenthalte besonders f\u00fcr Demenzkranke mit vielf\u00e4ltigen Risiken verbunden. Die Krankenhausaufenthalte werden damit h\u00e4ufig zu Krisensituationen mit schwerwiegenden Konsequenzen auf die weiteren Lebensperspektiven der Kranken. Um die Versorgung demenzkranker Patienten zu verbessern, hat der Vorstand der <a href=\"https:\/\/www.caritas-trier.de\/ueber-uns\/arbeitsgemeinschaften\/krankenhaeuser\/saarland\" target=\"_blank\" rel=\"noopener noreferrer\">Arbeitsgemeinschaft katholischer Krankenh\u00e4user Saarland<\/a> im Jahr 2011 das Projekt \u201e<a href=\"http:\/\/www.dem-i-k.de\/\" target=\"_blank\" rel=\"noopener noreferrer\">Demenz im Krankenhaus &#8211; Dem-i-K<\/a>\u201c auf den Weg gebracht. Mit dem Projekt wurden Wege aufgezeigt, wie die Akutversorgung demenzkranker Patienten unter unterschiedlichen strukturellen Rahmenbedingungen gelingen kann.<\/p>\n<p style=\"text-align: left;\">Um die Ergebnisse des Projekts zu transportieren und einen Austausch der saarl\u00e4ndischen Krankenh\u00e4user \u00fcber ihre Erfahrungen auf dem Weg in eine demenzsensible Ausrichtung zu erm\u00f6glichen, wird nun auf Veranlassung der <a href=\"https:\/\/skgev.de\/\" target=\"_blank\" rel=\"noopener noreferrer\">Saarl\u00e4ndischen Krankenhausgesellschaft<\/a> und mit Unterst\u00fctzung des Gesundheitsministeriums ein Runder Tisch \u201eDemenz im Krankenhaus\u201c eingerichtet. Die fachliche Moderation des Rundes Tischs wird vom Institut f\u00fcr Sozialforschung und Sozialwirtschaft e.V. (iso) in Saarbr\u00fccken \u00fcbernommen.<\/p>\n<p>[\/et_pb_text][\/et_pb_column_inner][\/et_pb_row_inner][et_pb_row_inner use_custom_gutter=&#8220;on&#8220; gutter_width=&#8220;2&#8243; admin_label=&#8220;Liste&#8220; _builder_version=&#8220;3.25&#8243; custom_padding=&#8220;0|0px|29.6875px|0px|false|false&#8220;][et_pb_column_inner saved_specialty_column_type=&#8220;3_4&#8243; _builder_version=&#8220;3.25&#8243; custom_padding=&#8220;|||&#8220; custom_padding__hover=&#8220;|||&#8220;][et_pb_blurb title=&#8220;Projektlaufzeit:&#8220; use_icon=&#8220;on&#8220; font_icon=&#8220;%%57%%&#8220; icon_placement=&#8220;left&#8220; content_max_width=&#8220;1100px&#8220; image_max_width_phone=&#8220;50px&#8220; image_max_width_last_edited=&#8220;off|desktop&#8220; admin_label=&#8220;Projektlaufzeit:&#8220; _builder_version=&#8220;4.6.3&#8243; header_font=&#8220;|600|||||||&#8220; header_line_height=&#8220;1.6em&#8220; body_font_size=&#8220;15px&#8220; body_line_height=&#8220;2em&#8220; header_font_size_tablet=&#8220;&#8220; header_font_size_phone=&#8220;15px&#8220; header_font_size_last_edited=&#8220;on|phone&#8220; body_line_height_tablet=&#8220;&#8220; body_line_height_phone=&#8220;1.6em&#8220; body_line_height_last_edited=&#8220;on|phone&#8220; saved_tabs=&#8220;all&#8220;]<\/p>\n<p>\n<span style=\"color: #000000;\">abgeschlossen (12\/2015)\u00a0\u00a0<\/span><\/p>\n<p>[\/et_pb_blurb][et_pb_blurb title=&#8220;Auftraggeber:&#8220; use_icon=&#8220;on&#8220; font_icon=&#8220;%%57%%&#8220; icon_placement=&#8220;left&#8220; content_max_width=&#8220;1100px&#8220; image_max_width_phone=&#8220;50px&#8220; image_max_width_last_edited=&#8220;off|desktop&#8220; admin_label=&#8220;Auftraggeber:&#8220; _builder_version=&#8220;3.15&#8243; header_font=&#8220;|600|||||||&#8220; header_line_height=&#8220;1.6em&#8220; body_font_size=&#8220;15px&#8220; body_line_height=&#8220;2em&#8220; header_font_size_tablet=&#8220;&#8220; header_font_size_phone=&#8220;15px&#8220; header_font_size_last_edited=&#8220;on|phone&#8220; body_line_height_tablet=&#8220;&#8220; body_line_height_phone=&#8220;1.6em&#8220; body_line_height_last_edited=&#8220;on|phone&#8220; saved_tabs=&#8220;all&#8220;]<\/p>\n<p>\n<a href=\"https:\/\/skgev.de\/\" target=\"_blank\" rel=\"noopener noreferrer\"><span style=\"color: #000000;\">Saarl\u00e4ndische Krankenhausgesellschaft e.V.<\/span><\/a><\/p>\n<p>[\/et_pb_blurb][et_pb_blurb title=&#8220;Projektleitung:&#8220; use_icon=&#8220;on&#8220; font_icon=&#8220;%%57%%&#8220; icon_placement=&#8220;left&#8220; content_max_width=&#8220;1100px&#8220; image_max_width_phone=&#8220;50px&#8220; image_max_width_last_edited=&#8220;off|desktop&#8220; admin_label=&#8220;Projektleitung:&#8220; _builder_version=&#8220;3.15&#8243; header_font=&#8220;|600|||||||&#8220; header_line_height=&#8220;1.6em&#8220; body_font_size=&#8220;15px&#8220; body_line_height=&#8220;2em&#8220; header_font_size_tablet=&#8220;&#8220; header_font_size_phone=&#8220;15px&#8220; header_font_size_last_edited=&#8220;on|phone&#8220; body_line_height_tablet=&#8220;&#8220; body_line_height_phone=&#8220;1.6em&#8220; body_line_height_last_edited=&#8220;on|phone&#8220; saved_tabs=&#8220;all&#8220;]<\/p>\n<p>\n<a href=\"https:\/\/www.iso-institut.de\/en\/mitarbeiter-kirchen-peters\/\"><span style=\"color: #000000;\">PhD Sabine Kirchen-Peters<\/span><\/a><\/p>\n<p>[\/et_pb_blurb][et_pb_blurb title=&#8220;Weitere Informationen:&#8220; use_icon=&#8220;on&#8220; font_icon=&#8220;%%57%%&#8220; icon_placement=&#8220;left&#8220; content_max_width=&#8220;1100px&#8220; image_max_width_phone=&#8220;50px&#8220; image_max_width_last_edited=&#8220;off|desktop&#8220; admin_label=&#8220;Weitere Informationen:&#8220; _builder_version=&#8220;3.15&#8243; header_font=&#8220;|600|||||||&#8220; header_line_height=&#8220;1.6em&#8220; body_font_size=&#8220;15px&#8220; body_line_height=&#8220;2em&#8220; header_font_size_tablet=&#8220;&#8220; header_font_size_phone=&#8220;15px&#8220; header_font_size_last_edited=&#8220;on|phone&#8220; body_line_height_tablet=&#8220;&#8220; body_line_height_phone=&#8220;1.6em&#8220; body_line_height_last_edited=&#8220;on|phone&#8220; saved_tabs=&#8220;all&#8220;]<\/p>\n<p>\n<span style=\"color: #000000;\">&#8211;<\/span><\/p>\n<p>[\/et_pb_blurb][\/et_pb_column_inner][\/et_pb_row_inner][\/et_pb_column][et_pb_column type=&#8220;1_4&#8243; _builder_version=&#8220;3.25&#8243; custom_padding=&#8220;|||&#8220; custom_padding__hover=&#8220;|||&#8220;][et_pb_search exclude_pages=&#8220;off&#8220; _builder_version=&#8220;3.23&#8243; button_text_size__hover_enabled=&#8220;off&#8220; button_text_size__hover=&#8220;null&#8220; button_one_text_size__hover_enabled=&#8220;off&#8220; button_one_text_size__hover=&#8220;null&#8220; button_two_text_size__hover_enabled=&#8220;off&#8220; button_two_text_size__hover=&#8220;null&#8220; button_text_color__hover_enabled=&#8220;off&#8220; button_text_color__hover=&#8220;null&#8220; button_one_text_color__hover_enabled=&#8220;off&#8220; button_one_text_color__hover=&#8220;null&#8220; button_two_text_color__hover_enabled=&#8220;off&#8220; button_two_text_color__hover=&#8220;null&#8220; button_border_width__hover_enabled=&#8220;off&#8220; button_border_width__hover=&#8220;null&#8220; button_one_border_width__hover_enabled=&#8220;off&#8220; button_one_border_width__hover=&#8220;null&#8220; button_two_border_width__hover_enabled=&#8220;off&#8220; button_two_border_width__hover=&#8220;null&#8220; button_border_color__hover_enabled=&#8220;off&#8220; button_border_color__hover=&#8220;null&#8220; button_one_border_color__hover_enabled=&#8220;off&#8220; button_one_border_color__hover=&#8220;null&#8220; button_two_border_color__hover_enabled=&#8220;off&#8220; button_two_border_color__hover=&#8220;null&#8220; button_border_radius__hover_enabled=&#8220;off&#8220; button_border_radius__hover=&#8220;null&#8220; button_one_border_radius__hover_enabled=&#8220;off&#8220; button_one_border_radius__hover=&#8220;null&#8220; button_two_border_radius__hover_enabled=&#8220;off&#8220; button_two_border_radius__hover=&#8220;null&#8220; button_letter_spacing__hover_enabled=&#8220;off&#8220; button_letter_spacing__hover=&#8220;null&#8220; button_one_letter_spacing__hover_enabled=&#8220;off&#8220; button_one_letter_spacing__hover=&#8220;null&#8220; button_two_letter_spacing__hover_enabled=&#8220;off&#8220; button_two_letter_spacing__hover=&#8220;null&#8220; button_bg_color__hover_enabled=&#8220;off&#8220; button_bg_color__hover=&#8220;null&#8220; button_one_bg_color__hover_enabled=&#8220;off&#8220; button_one_bg_color__hover=&#8220;null&#8220; button_two_bg_color__hover_enabled=&#8220;off&#8220; button_two_bg_color__hover=&#8220;null&#8220;]<\/p>\n<p>\n&nbsp;<\/p>\n<p>[\/et_pb_search][et_pb_sidebar orientation=&#8220;right&#8220; area=&#8220;cs-3&#8243; show_border=&#8220;off&#8220; admin_label=&#8220;Seitenleiste PROJEKTE&#8220; _builder_version=&#8220;3.18.9&#8243; header_text_color=&#8220;#213e64&#8243; body_text_color=&#8220;#213e64&#8243; custom_margin=&#8220;-28px|0px|-11px|0px&#8220; custom_padding=&#8220;0px|0px|0px|0px&#8220; saved_tabs=&#8220;all&#8220;]<\/p>\n<p>\n&nbsp;<\/p>\n<p>[\/et_pb_sidebar][\/et_pb_column][\/et_pb_section]<\/p>","protected":false},"excerpt":{"rendered":"<p>Wie in verschiedenen Untersuchungen gezeigt werden konnte, sind Krankenhausaufenthalte besonders f\u00fcr Demenzkranke mit vielf\u00e4ltigen Risiken verbunden. Die Krankenhausaufenthalte werden damit h\u00e4ufig zu Krisensituationen mit schwerwiegenden Konsequenzen auf die weiteren Lebensperspektiven der Kranken. Um die Versorgung demenzkranker Patienten zu verbessern, hat der Vorstand der Arbeitsgemeinschaft katholischer Krankenh\u00e4user Saarland im Jahr 2011 das Projekt \u201eDemenz im Krankenhaus &#8211; Dem-i-K\u201c auf den Weg gebracht. Mit dem Projekt wurden Wege aufgezeigt, wie die Akutversorgung demenzkranker Patienten unter unterschiedlichen strukturellen Rahmenbedingungen gelingen kann.<\/p>","protected":false},"author":1,"featured_media":8021,"comment_status":"closed","ping_status":"closed","template":"","meta":{"_acf_changed":false,"_et_pb_use_builder":"on","_et_pb_old_content":"","_et_gb_content_width":"","footnotes":""},"project_category":[29,31,35],"project_tag":[],"class_list":["post-4440","project","type-project","status-publish","has-post-thumbnail","hentry","project_category-abgeschlossene-projekte","project_category-gestaltungsorientierte-projekte","project_category-versorgungsinnovationen"],"acf":[],"yoast_head":"<!-- This site is optimized with the Yoast SEO plugin v25.6 - https:\/\/yoast.com\/wordpress\/plugins\/seo\/ -->\n<title>Moderation Runder Tisch &quot;Demenz im Krankenhaus&quot; Saarland - Institut f\u00fcr Sozialforschung und Sozialwirtschaft (iso)<\/title>\n<meta name=\"robots\" content=\"index, follow, max-snippet:-1, max-image-preview:large, max-video-preview:-1\" \/>\n<link rel=\"canonical\" href=\"https:\/\/www.iso-institut.de\/en\/project\/moderation-runder-tisch-demenz-im-krankenhaus-saarland\/\" \/>\n<meta property=\"og:locale\" content=\"en_GB\" \/>\n<meta property=\"og:type\" content=\"article\" \/>\n<meta property=\"og:title\" content=\"Moderation Runder Tisch &quot;Demenz im Krankenhaus&quot; Saarland - Institut f\u00fcr Sozialforschung und Sozialwirtschaft (iso)\" \/>\n<meta property=\"og:description\" content=\"Wie in verschiedenen Untersuchungen gezeigt werden konnte, sind Krankenhausaufenthalte besonders f\u00fcr Demenzkranke mit vielf\u00e4ltigen Risiken verbunden. Die Krankenhausaufenthalte werden damit h\u00e4ufig zu Krisensituationen mit schwerwiegenden Konsequenzen auf die weiteren Lebensperspektiven der Kranken. Um die Versorgung demenzkranker Patienten zu verbessern, hat der Vorstand der Arbeitsgemeinschaft katholischer Krankenh\u00e4user Saarland im Jahr 2011 das Projekt \u201eDemenz im Krankenhaus - Dem-i-K\u201c auf den Weg gebracht. Mit dem Projekt wurden Wege aufgezeigt, wie die Akutversorgung demenzkranker Patienten unter unterschiedlichen strukturellen Rahmenbedingungen gelingen kann.\" \/>\n<meta property=\"og:url\" content=\"https:\/\/www.iso-institut.de\/en\/project\/moderation-runder-tisch-demenz-im-krankenhaus-saarland\/\" \/>\n<meta property=\"og:site_name\" content=\"Institut f\u00fcr Sozialforschung und Sozialwirtschaft (iso)\" \/>\n<meta property=\"article:publisher\" content=\"https:\/\/www.facebook.com\/isoInstitut\/\" \/>\n<meta property=\"article:modified_time\" content=\"2021-04-29T14:41:48+00:00\" \/>\n<meta property=\"og:image\" content=\"https:\/\/www.iso-institut.de\/wp-content\/uploads\/table-451357_640.png\" \/>\n\t<meta property=\"og:image:width\" content=\"640\" \/>\n\t<meta property=\"og:image:height\" content=\"480\" \/>\n\t<meta property=\"og:image:type\" content=\"image\/png\" \/>\n<meta name=\"twitter:card\" content=\"summary_large_image\" \/>\n<meta name=\"twitter:label1\" content=\"Estimated reading time\" \/>\n\t<meta name=\"twitter:data1\" content=\"6 minutes\" \/>\n<script type=\"application\/ld+json\" class=\"yoast-schema-graph\">{\"@context\":\"https:\/\/schema.org\",\"@graph\":[{\"@type\":\"WebPage\",\"@id\":\"https:\/\/www.iso-institut.de\/project\/moderation-runder-tisch-demenz-im-krankenhaus-saarland\/\",\"url\":\"https:\/\/www.iso-institut.de\/project\/moderation-runder-tisch-demenz-im-krankenhaus-saarland\/\",\"name\":\"Moderation Runder Tisch \\\"Demenz im Krankenhaus\\\" Saarland - Institut f\u00fcr Sozialforschung und Sozialwirtschaft (iso)\",\"isPartOf\":{\"@id\":\"https:\/\/www.iso-institut.de\/#website\"},\"primaryImageOfPage\":{\"@id\":\"https:\/\/www.iso-institut.de\/project\/moderation-runder-tisch-demenz-im-krankenhaus-saarland\/#primaryimage\"},\"image\":{\"@id\":\"https:\/\/www.iso-institut.de\/project\/moderation-runder-tisch-demenz-im-krankenhaus-saarland\/#primaryimage\"},\"thumbnailUrl\":\"https:\/\/www.iso-institut.de\/wp-content\/uploads\/table-451357_640.png\",\"datePublished\":\"2018-12-13T09:16:08+00:00\",\"dateModified\":\"2021-04-29T14:41:48+00:00\",\"breadcrumb\":{\"@id\":\"https:\/\/www.iso-institut.de\/project\/moderation-runder-tisch-demenz-im-krankenhaus-saarland\/#breadcrumb\"},\"inLanguage\":\"en-GB\",\"potentialAction\":[{\"@type\":\"ReadAction\",\"target\":[\"https:\/\/www.iso-institut.de\/project\/moderation-runder-tisch-demenz-im-krankenhaus-saarland\/\"]}]},{\"@type\":\"ImageObject\",\"inLanguage\":\"en-GB\",\"@id\":\"https:\/\/www.iso-institut.de\/project\/moderation-runder-tisch-demenz-im-krankenhaus-saarland\/#primaryimage\",\"url\":\"https:\/\/www.iso-institut.de\/wp-content\/uploads\/table-451357_640.png\",\"contentUrl\":\"https:\/\/www.iso-institut.de\/wp-content\/uploads\/table-451357_640.png\",\"width\":640,\"height\":480},{\"@type\":\"BreadcrumbList\",\"@id\":\"https:\/\/www.iso-institut.de\/project\/moderation-runder-tisch-demenz-im-krankenhaus-saarland\/#breadcrumb\",\"itemListElement\":[{\"@type\":\"ListItem\",\"position\":1,\"name\":\"Startseite\",\"item\":\"https:\/\/www.iso-institut.de\/\"},{\"@type\":\"ListItem\",\"position\":2,\"name\":\"Projekte\",\"item\":\"https:\/\/www.iso-institut.de\/project\/\"},{\"@type\":\"ListItem\",\"position\":3,\"name\":\"Moderation Runder Tisch &#8222;Demenz im Krankenhaus&#8220; Saarland\"}]},{\"@type\":\"WebSite\",\"@id\":\"https:\/\/www.iso-institut.de\/#website\",\"url\":\"https:\/\/www.iso-institut.de\/\",\"name\":\"Institut f\u00fcr Sozialforschung und Sozialwirtschaft (iso)\",\"description\":\"Die gr\u00f6\u00dfte selbst\u00e4ndige und unabh\u00e4ngige sozialwissenschaftliche Forschungseinrichtung im S\u00fcdwesten Deutschlands\",\"potentialAction\":[{\"@type\":\"SearchAction\",\"target\":{\"@type\":\"EntryPoint\",\"urlTemplate\":\"https:\/\/www.iso-institut.de\/?s={search_term_string}\"},\"query-input\":{\"@type\":\"PropertyValueSpecification\",\"valueRequired\":true,\"valueName\":\"search_term_string\"}}],\"inLanguage\":\"en-GB\"}]}<\/script>\n<!-- \/ Yoast SEO plugin. -->","yoast_head_json":{"title":"Moderation Runder Tisch \"Demenz im Krankenhaus\" Saarland - Institut f\u00fcr Sozialforschung und Sozialwirtschaft (iso)","robots":{"index":"index","follow":"follow","max-snippet":"max-snippet:-1","max-image-preview":"max-image-preview:large","max-video-preview":"max-video-preview:-1"},"canonical":"https:\/\/www.iso-institut.de\/en\/project\/moderation-runder-tisch-demenz-im-krankenhaus-saarland\/","og_locale":"en_GB","og_type":"article","og_title":"Moderation Runder Tisch \"Demenz im Krankenhaus\" Saarland - Institut f\u00fcr Sozialforschung und Sozialwirtschaft (iso)","og_description":"Wie in verschiedenen Untersuchungen gezeigt werden konnte, sind Krankenhausaufenthalte besonders f\u00fcr Demenzkranke mit vielf\u00e4ltigen Risiken verbunden. Die Krankenhausaufenthalte werden damit h\u00e4ufig zu Krisensituationen mit schwerwiegenden Konsequenzen auf die weiteren Lebensperspektiven der Kranken. Um die Versorgung demenzkranker Patienten zu verbessern, hat der Vorstand der Arbeitsgemeinschaft katholischer Krankenh\u00e4user Saarland im Jahr 2011 das Projekt \u201eDemenz im Krankenhaus - Dem-i-K\u201c auf den Weg gebracht. Mit dem Projekt wurden Wege aufgezeigt, wie die Akutversorgung demenzkranker Patienten unter unterschiedlichen strukturellen Rahmenbedingungen gelingen kann.","og_url":"https:\/\/www.iso-institut.de\/en\/project\/moderation-runder-tisch-demenz-im-krankenhaus-saarland\/","og_site_name":"Institut f\u00fcr Sozialforschung und Sozialwirtschaft (iso)","article_publisher":"https:\/\/www.facebook.com\/isoInstitut\/","article_modified_time":"2021-04-29T14:41:48+00:00","og_image":[{"width":640,"height":480,"url":"https:\/\/www.iso-institut.de\/wp-content\/uploads\/table-451357_640.png","type":"image\/png"}],"twitter_card":"summary_large_image","twitter_misc":{"Estimated reading time":"6 minutes"},"schema":{"@context":"https:\/\/schema.org","@graph":[{"@type":"WebPage","@id":"https:\/\/www.iso-institut.de\/project\/moderation-runder-tisch-demenz-im-krankenhaus-saarland\/","url":"https:\/\/www.iso-institut.de\/project\/moderation-runder-tisch-demenz-im-krankenhaus-saarland\/","name":"Moderation Runder Tisch \"Demenz im Krankenhaus\" Saarland - Institut f\u00fcr Sozialforschung und Sozialwirtschaft (iso)","isPartOf":{"@id":"https:\/\/www.iso-institut.de\/#website"},"primaryImageOfPage":{"@id":"https:\/\/www.iso-institut.de\/project\/moderation-runder-tisch-demenz-im-krankenhaus-saarland\/#primaryimage"},"image":{"@id":"https:\/\/www.iso-institut.de\/project\/moderation-runder-tisch-demenz-im-krankenhaus-saarland\/#primaryimage"},"thumbnailUrl":"https:\/\/www.iso-institut.de\/wp-content\/uploads\/table-451357_640.png","datePublished":"2018-12-13T09:16:08+00:00","dateModified":"2021-04-29T14:41:48+00:00","breadcrumb":{"@id":"https:\/\/www.iso-institut.de\/project\/moderation-runder-tisch-demenz-im-krankenhaus-saarland\/#breadcrumb"},"inLanguage":"en-GB","potentialAction":[{"@type":"ReadAction","target":["https:\/\/www.iso-institut.de\/project\/moderation-runder-tisch-demenz-im-krankenhaus-saarland\/"]}]},{"@type":"ImageObject","inLanguage":"en-GB","@id":"https:\/\/www.iso-institut.de\/project\/moderation-runder-tisch-demenz-im-krankenhaus-saarland\/#primaryimage","url":"https:\/\/www.iso-institut.de\/wp-content\/uploads\/table-451357_640.png","contentUrl":"https:\/\/www.iso-institut.de\/wp-content\/uploads\/table-451357_640.png","width":640,"height":480},{"@type":"BreadcrumbList","@id":"https:\/\/www.iso-institut.de\/project\/moderation-runder-tisch-demenz-im-krankenhaus-saarland\/#breadcrumb","itemListElement":[{"@type":"ListItem","position":1,"name":"Startseite","item":"https:\/\/www.iso-institut.de\/"},{"@type":"ListItem","position":2,"name":"Projekte","item":"https:\/\/www.iso-institut.de\/project\/"},{"@type":"ListItem","position":3,"name":"Moderation Runder Tisch &#8222;Demenz im Krankenhaus&#8220; Saarland"}]},{"@type":"WebSite","@id":"https:\/\/www.iso-institut.de\/#website","url":"https:\/\/www.iso-institut.de\/","name":"Institut f\u00fcr Sozialforschung und Sozialwirtschaft (iso)","description":"Die gr\u00f6\u00dfte selbst\u00e4ndige und unabh\u00e4ngige sozialwissenschaftliche Forschungseinrichtung im S\u00fcdwesten Deutschlands","potentialAction":[{"@type":"SearchAction","target":{"@type":"EntryPoint","urlTemplate":"https:\/\/www.iso-institut.de\/?s={search_term_string}"},"query-input":{"@type":"PropertyValueSpecification","valueRequired":true,"valueName":"search_term_string"}}],"inLanguage":"en-GB"}]}},"_links":{"self":[{"href":"https:\/\/www.iso-institut.de\/en\/wp-json\/wp\/v2\/project\/4440"}],"collection":[{"href":"https:\/\/www.iso-institut.de\/en\/wp-json\/wp\/v2\/project"}],"about":[{"href":"https:\/\/www.iso-institut.de\/en\/wp-json\/wp\/v2\/types\/project"}],"author":[{"embeddable":true,"href":"https:\/\/www.iso-institut.de\/en\/wp-json\/wp\/v2\/users\/1"}],"replies":[{"embeddable":true,"href":"https:\/\/www.iso-institut.de\/en\/wp-json\/wp\/v2\/comments?post=4440"}],"version-history":[{"count":3,"href":"https:\/\/www.iso-institut.de\/en\/wp-json\/wp\/v2\/project\/4440\/revisions"}],"predecessor-version":[{"id":9684,"href":"https:\/\/www.iso-institut.de\/en\/wp-json\/wp\/v2\/project\/4440\/revisions\/9684"}],"wp:featuredmedia":[{"embeddable":true,"href":"https:\/\/www.iso-institut.de\/en\/wp-json\/wp\/v2\/media\/8021"}],"wp:attachment":[{"href":"https:\/\/www.iso-institut.de\/en\/wp-json\/wp\/v2\/media?parent=4440"}],"wp:term":[{"taxonomy":"project_category","embeddable":true,"href":"https:\/\/www.iso-institut.de\/en\/wp-json\/wp\/v2\/project_category?post=4440"},{"taxonomy":"project_tag","embeddable":true,"href":"https:\/\/www.iso-institut.de\/en\/wp-json\/wp\/v2\/project_tag?post=4440"}],"curies":[{"name":"wp","href":"https:\/\/api.w.org\/{rel}","templated":true}]}}