{"id":4484,"date":"2018-12-13T15:20:50","date_gmt":"2018-12-13T14:20:50","guid":{"rendered":"https:\/\/www.iso-institut.de\/?page_id=4484"},"modified":"2021-04-29T16:38:14","modified_gmt":"2021-04-29T14:38:14","slug":"entwicklung-implementierung-und-stabilisierung-eines-demografie-netzwerkes-saar-dns-1","status":"publish","type":"project","link":"https:\/\/www.iso-institut.de\/en\/project\/entwicklung-implementierung-und-stabilisierung-eines-demografie-netzwerkes-saar-dns-1\/","title":{"rendered":"Entwicklung, Implementierung und Stabilisierung eines Demografie Netzwerkes Saar (I)"},"content":{"rendered":"<p>[et_pb_section fb_built=&#8220;1&#8243; inner_shadow=&#8220;on&#8220; fullwidth=&#8220;on&#8220; _builder_version=&#8220;3.22&#8243; background_color=&#8220;#2ea3f2&#8243; use_background_color_gradient=&#8220;on&#8220; background_color_gradient_start=&#8220;#2ea3f2&#8243; background_color_gradient_end=&#8220;#2e6df4&#8243; background_color_gradient_direction=&#8220;330deg&#8220;][et_pb_fullwidth_header title=&#8220;Entwicklung, Implementierung und Stabilisierung eines Demografie Netzwerkes Saar (I)&#8220; subhead=&#8220;Laufzeit: 01.01.2013 \u2013 31.05.2015&#8243; admin_label=&#8220;Vollbreite Kopfzeile DNS I&#8220; _builder_version=&#8220;4.6.6&#8243; custom_margin=&#8220;-40px||-40px||true&#8220; button_one_text_size__hover_enabled=&#8220;off&#8220; button_one_text_size__hover=&#8220;null&#8220; button_two_text_size__hover_enabled=&#8220;off&#8220; button_two_text_size__hover=&#8220;null&#8220; button_one_text_color__hover_enabled=&#8220;off&#8220; button_one_text_color__hover=&#8220;null&#8220; button_two_text_color__hover_enabled=&#8220;off&#8220; button_two_text_color__hover=&#8220;null&#8220; button_one_border_width__hover_enabled=&#8220;off&#8220; button_one_border_width__hover=&#8220;null&#8220; button_two_border_width__hover_enabled=&#8220;off&#8220; button_two_border_width__hover=&#8220;null&#8220; button_one_border_color__hover_enabled=&#8220;off&#8220; button_one_border_color__hover=&#8220;null&#8220; button_two_border_color__hover_enabled=&#8220;off&#8220; button_two_border_color__hover=&#8220;null&#8220; button_one_border_radius__hover_enabled=&#8220;off&#8220; button_one_border_radius__hover=&#8220;null&#8220; button_two_border_radius__hover_enabled=&#8220;off&#8220; button_two_border_radius__hover=&#8220;null&#8220; button_one_letter_spacing__hover_enabled=&#8220;off&#8220; button_one_letter_spacing__hover=&#8220;null&#8220; button_two_letter_spacing__hover_enabled=&#8220;off&#8220; button_two_letter_spacing__hover=&#8220;null&#8220; button_one_bg_color__hover_enabled=&#8220;off&#8220; button_one_bg_color__hover=&#8220;null&#8220; button_two_bg_color__hover_enabled=&#8220;off&#8220; button_two_bg_color__hover=&#8220;null&#8220;][\/et_pb_fullwidth_header][\/et_pb_section][et_pb_section fb_built=&#8220;1&#8243; specialty=&#8220;on&#8220; _builder_version=&#8220;3.22&#8243; custom_padding=&#8220;54px|0px|0|0px|false|false&#8220;][et_pb_column type=&#8220;3_4&#8243; specialty_columns=&#8220;3&#8243; _builder_version=&#8220;3.25&#8243; custom_padding=&#8220;|||&#8220; custom_padding__hover=&#8220;|||&#8220;][et_pb_row_inner _builder_version=&#8220;3.25&#8243;][et_pb_column_inner saved_specialty_column_type=&#8220;3_4&#8243; _builder_version=&#8220;3.25&#8243; custom_padding=&#8220;|||&#8220; custom_padding__hover=&#8220;|||&#8220;][et_pb_text admin_label=&#8220;Text DNS I&#8220; _builder_version=&#8220;4.6.3&#8243; background_size=&#8220;initial&#8220; background_position=&#8220;top_left&#8220; background_repeat=&#8220;repeat&#8220; inline_fonts=&#8220;Verdana&#8220;]<\/p>\n<p style=\"text-align: justify;\">Das iso-Institut wird im Auftrag des Ministeriums f\u00fcr Wirtschaft, Arbeit, Energie und Verkehr in den kommenden Monaten ein regionales Demografie Netzwerk f\u00fcr saarl\u00e4ndische Unternehmen aufbauen, das den Betrieben mit praxisgerechten Unterst\u00fctzungsangeboten helfen soll, im demografischen Wandel wettbewerbs- und leistungsf\u00e4hig zu bleiben.<\/p>\n<p>Das Netzwerk richtet sich an Unternehmen aus allen Branchen mit Sitz im Saarland, insbesondere an kleine und mittlere Unternehmen sowie Handwerksbetriebe. Zur Mitwirkung eingeladen sind alle Unternehmen, die Unterst\u00fctzungsbedarfe haben oder die bereits \u00fcber geeignete Strategien und Konzepte verf\u00fcgen und andere Unternehmen an ihren Erfahrungen teilhaben lassen m\u00f6chten.<\/p>\n<p>Gemeinsam mit den Netzwerkpartnern und externen Dienstleistern werden passf\u00f6rmige Angebote entwickelt und bereitgestellt, eine Plattform f\u00fcr den Erfahrungs- und Wissensaustausch geschaffen und der Dialog zwischen Wirtschaft, Unternehmen und Politik gef\u00f6rdert.<\/p>\n<p>Das Vorhaben wird durch einen vom Wirtschaftsministerium eingesetzten Steuerkreis begleitet, in dem VSU, IHK, HWK, Arbeitskammer, DGB, Bundesagentur f\u00fcr Arbeit \/ Regionaldirektion Rheinland-Pfalz-Saarland, Ministerium f\u00fcr Umweltschutz und Verbraucherschutz, Ministerium f\u00fcr Soziales, Gesundheit, Frauen und Familie sowie zwei Referate des Ministeriums f\u00fcr Wirtschaft, Arbeit, Energie und Verkehr vertreten sind.<br \/>\n[\/et_pb_text][\/et_pb_column_inner][\/et_pb_row_inner][et_pb_row_inner use_custom_gutter=&#8220;on&#8220; gutter_width=&#8220;2&#8243; admin_label=&#8220;Liste&#8220; _builder_version=&#8220;3.25&#8243; custom_padding=&#8220;0|0px|29.6875px|0px|false|false&#8220;][et_pb_column_inner saved_specialty_column_type=&#8220;3_4&#8243; _builder_version=&#8220;3.25&#8243; custom_padding=&#8220;|||&#8220; custom_padding__hover=&#8220;|||&#8220;][et_pb_blurb title=&#8220;Projektlaufzeit:&#8220; use_icon=&#8220;on&#8220; font_icon=&#8220;%%57%%&#8220; icon_placement=&#8220;left&#8220; content_max_width=&#8220;1100px&#8220; image_max_width_phone=&#8220;50px&#8220; image_max_width_last_edited=&#8220;off|desktop&#8220; admin_label=&#8220;Projektlaufzeit:&#8220; _builder_version=&#8220;4.6.6&#8243; header_font=&#8220;|600|||||||&#8220; header_line_height=&#8220;1.6em&#8220; body_font_size=&#8220;15px&#8220; body_line_height=&#8220;2em&#8220; header_font_size_tablet=&#8220;&#8220; header_font_size_phone=&#8220;15px&#8220; header_font_size_last_edited=&#8220;on|phone&#8220; body_line_height_tablet=&#8220;&#8220; body_line_height_phone=&#8220;1.6em&#8220; body_line_height_last_edited=&#8220;on|phone&#8220; saved_tabs=&#8220;all&#8220;]<span style=\"color: #333333;\">01.01.2013 \u2013 31.05.2015<\/span><br \/>\n[\/et_pb_blurb][et_pb_blurb title=&#8220;Gef\u00f6rdert durch: &#8220; use_icon=&#8220;on&#8220; font_icon=&#8220;%%57%%&#8220; icon_placement=&#8220;left&#8220; content_max_width=&#8220;1100px&#8220; image_max_width_phone=&#8220;50px&#8220; image_max_width_last_edited=&#8220;off|desktop&#8220; admin_label=&#8220;Gef\u00f6rdert durch: &#8220; _builder_version=&#8220;3.18.9&#8243; header_font=&#8220;|600|||||||&#8220; header_line_height=&#8220;1.6em&#8220; body_font_size=&#8220;15px&#8220; body_line_height=&#8220;2em&#8220; header_font_size_tablet=&#8220;&#8220; header_font_size_phone=&#8220;15px&#8220; header_font_size_last_edited=&#8220;on|phone&#8220; body_line_height_tablet=&#8220;&#8220; body_line_height_phone=&#8220;1.6em&#8220; body_line_height_last_edited=&#8220;on|phone&#8220; saved_tabs=&#8220;all&#8220;]<span style=\"color: #333333;\"><a style=\"color: #333333;\" href=\"https:\/\/ec.europa.eu\/regional_policy\/de\/funding\/erdf\/\" target=\"_blank\" rel=\"noopener noreferrer\">Europ\u00e4ischer Fonds f\u00fcr regionale Entwicklung<\/a><\/span><br \/>\n[\/et_pb_blurb][et_pb_blurb title=&#8220;Auftraggeber:&#8220; use_icon=&#8220;on&#8220; font_icon=&#8220;%%57%%&#8220; icon_placement=&#8220;left&#8220; content_max_width=&#8220;1100px&#8220; image_max_width_phone=&#8220;50px&#8220; image_max_width_last_edited=&#8220;off|desktop&#8220; admin_label=&#8220;Auftraggeber:&#8220; _builder_version=&#8220;3.15&#8243; header_font=&#8220;|600|||||||&#8220; header_line_height=&#8220;1.6em&#8220; body_font_size=&#8220;15px&#8220; body_line_height=&#8220;2em&#8220; header_font_size_tablet=&#8220;&#8220; header_font_size_phone=&#8220;15px&#8220; header_font_size_last_edited=&#8220;on|phone&#8220; body_line_height_tablet=&#8220;&#8220; body_line_height_phone=&#8220;1.6em&#8220; body_line_height_last_edited=&#8220;on|phone&#8220; saved_tabs=&#8220;all&#8220;]<span style=\"color: #333333;\"><a style=\"color: #333333;\" href=\"https:\/\/www.saarland.de\/ministerium_wirtschaft_arbeit_energie_verkehr.htm\" target=\"_blank\" rel=\"noopener noreferrer\">Ministry of Economic Affairs, Labour, Energy and Transport of the Saarland<\/a><\/span><br \/>\n[\/et_pb_blurb][et_pb_blurb title=&#8220;Projektleitung:&#8220; use_icon=&#8220;on&#8220; font_icon=&#8220;%%57%%&#8220; icon_placement=&#8220;left&#8220; content_max_width=&#8220;1100px&#8220; image_max_width_phone=&#8220;50px&#8220; image_max_width_last_edited=&#8220;off|desktop&#8220; admin_label=&#8220;Projektleitung:&#8220; _builder_version=&#8220;4.6.3&#8243; header_font=&#8220;|600|||||||&#8220; header_line_height=&#8220;1.6em&#8220; body_font_size=&#8220;15px&#8220; body_line_height=&#8220;2em&#8220; header_font_size_tablet=&#8220;&#8220; header_font_size_phone=&#8220;15px&#8220; header_font_size_last_edited=&#8220;on|phone&#8220; body_line_height_tablet=&#8220;&#8220; body_line_height_phone=&#8220;1.6em&#8220; body_line_height_last_edited=&#8220;on|phone&#8220; saved_tabs=&#8220;all&#8220;]<span style=\"color: #333333;\">Prof. Dr. Daniel Bieber<\/span><br \/>\n[\/et_pb_blurb][et_pb_blurb title=&#8220;Projektmitarbeiter*innen:&#8220; use_icon=&#8220;on&#8220; font_icon=&#8220;%%57%%&#8220; icon_placement=&#8220;left&#8220; content_max_width=&#8220;1100px&#8220; image_max_width_phone=&#8220;50px&#8220; image_max_width_last_edited=&#8220;off|desktop&#8220; admin_label=&#8220;Projektmitarbeiter*innen:&#8220; _builder_version=&#8220;4.6.3&#8243; header_font=&#8220;|600|||||||&#8220; header_line_height=&#8220;1.6em&#8220; body_font_size=&#8220;15px&#8220; body_line_height=&#8220;2em&#8220; header_font_size_tablet=&#8220;&#8220; header_font_size_phone=&#8220;15px&#8220; header_font_size_last_edited=&#8220;on|phone&#8220; body_line_height_tablet=&#8220;&#8220; body_line_height_phone=&#8220;1.6em&#8220; body_line_height_last_edited=&#8220;on|phone&#8220; saved_tabs=&#8220;all&#8220;]<span style=\"color: #333333;\">Melanie Schmitt<\/span><br \/>\n[\/et_pb_blurb][et_pb_blurb title=&#8220;Projekt-Homepage:&#8220; use_icon=&#8220;on&#8220; font_icon=&#8220;%%57%%&#8220; icon_placement=&#8220;left&#8220; content_max_width=&#8220;1100px&#8220; image_max_width_phone=&#8220;50px&#8220; image_max_width_last_edited=&#8220;off|desktop&#8220; admin_label=&#8220;Projekt-Homepage:&#8220; _builder_version=&#8220;3.15&#8243; header_font=&#8220;|600|||||||&#8220; header_line_height=&#8220;1.6em&#8220; body_font_size=&#8220;15px&#8220; body_line_height=&#8220;2em&#8220; header_font_size_tablet=&#8220;&#8220; header_font_size_phone=&#8220;15px&#8220; header_font_size_last_edited=&#8220;on|phone&#8220; body_line_height_tablet=&#8220;&#8220; body_line_height_phone=&#8220;1.6em&#8220; body_line_height_last_edited=&#8220;on|phone&#8220; saved_tabs=&#8220;all&#8220;]<span style=\"color: #333333;\"><a style=\"color: #333333;\" href=\"http:\/\/www.demografie-netzwerk-saar.de\/\" target=\"_blank\" rel=\"noopener noreferrer\">www.demografie-netzwerk-saar.de<\/a>\u00a0<\/span><br \/>\n[\/et_pb_blurb][et_pb_blurb title=&#8220;Ver\u00f6ffentlichungen:&#8220; use_icon=&#8220;on&#8220; font_icon=&#8220;%%57%%&#8220; icon_placement=&#8220;left&#8220; content_max_width=&#8220;1100px&#8220; image_max_width_phone=&#8220;50px&#8220; image_max_width_last_edited=&#8220;off|desktop&#8220; admin_label=&#8220;Ver\u00f6ffentlichungen:&#8220; _builder_version=&#8220;3.15&#8243; header_font=&#8220;|600|||||||&#8220; header_line_height=&#8220;1.6em&#8220; body_font_size=&#8220;15px&#8220; body_line_height=&#8220;2em&#8220; header_font_size_tablet=&#8220;&#8220; header_font_size_phone=&#8220;15px&#8220; header_font_size_last_edited=&#8220;on|phone&#8220; body_line_height_tablet=&#8220;&#8220; body_line_height_phone=&#8220;1.6em&#8220; body_line_height_last_edited=&#8220;on|phone&#8220; saved_tabs=&#8220;all&#8220;]<span style=\"color: #000000;\">&#8211;<\/span><br \/>\n[\/et_pb_blurb][et_pb_blurb title=&#8220;Weitere Informationen:&#8220; use_icon=&#8220;on&#8220; font_icon=&#8220;%%57%%&#8220; icon_placement=&#8220;left&#8220; content_max_width=&#8220;1100px&#8220; image_max_width_phone=&#8220;50px&#8220; image_max_width_last_edited=&#8220;off|desktop&#8220; admin_label=&#8220;Weitere Informationen:&#8220; _builder_version=&#8220;3.15&#8243; header_font=&#8220;|600|||||||&#8220; header_line_height=&#8220;1.6em&#8220; body_font_size=&#8220;15px&#8220; body_line_height=&#8220;2em&#8220; header_font_size_tablet=&#8220;&#8220; header_font_size_phone=&#8220;15px&#8220; header_font_size_last_edited=&#8220;on|phone&#8220; body_line_height_tablet=&#8220;&#8220; body_line_height_phone=&#8220;1.6em&#8220; body_line_height_last_edited=&#8220;on|phone&#8220; saved_tabs=&#8220;all&#8220;]<a href=\"https:\/\/www.iso-institut.de\/wp-content\/uploads\/2018\/12\/Flyer-DNS-1.pdf\" target=\"_blank\" rel=\"noopener noreferrer\"><span style=\"color: #333333;\">Flyer des Demografie Netzwerks Saar<\/span><\/a><br \/>\n[\/et_pb_blurb][\/et_pb_column_inner][\/et_pb_row_inner][\/et_pb_column][et_pb_column type=&#8220;1_4&#8243; _builder_version=&#8220;3.25&#8243; custom_padding=&#8220;|||&#8220; custom_padding__hover=&#8220;|||&#8220;][et_pb_search exclude_pages=&#8220;off&#8220; _builder_version=&#8220;3.23&#8243; button_text_size__hover_enabled=&#8220;off&#8220; button_text_size__hover=&#8220;null&#8220; button_one_text_size__hover_enabled=&#8220;off&#8220; button_one_text_size__hover=&#8220;null&#8220; button_two_text_size__hover_enabled=&#8220;off&#8220; button_two_text_size__hover=&#8220;null&#8220; button_text_color__hover_enabled=&#8220;off&#8220; button_text_color__hover=&#8220;null&#8220; button_one_text_color__hover_enabled=&#8220;off&#8220; button_one_text_color__hover=&#8220;null&#8220; button_two_text_color__hover_enabled=&#8220;off&#8220; button_two_text_color__hover=&#8220;null&#8220; button_border_width__hover_enabled=&#8220;off&#8220; button_border_width__hover=&#8220;null&#8220; button_one_border_width__hover_enabled=&#8220;off&#8220; button_one_border_width__hover=&#8220;null&#8220; button_two_border_width__hover_enabled=&#8220;off&#8220; button_two_border_width__hover=&#8220;null&#8220; button_border_color__hover_enabled=&#8220;off&#8220; button_border_color__hover=&#8220;null&#8220; button_one_border_color__hover_enabled=&#8220;off&#8220; button_one_border_color__hover=&#8220;null&#8220; button_two_border_color__hover_enabled=&#8220;off&#8220; button_two_border_color__hover=&#8220;null&#8220; button_border_radius__hover_enabled=&#8220;off&#8220; button_border_radius__hover=&#8220;null&#8220; button_one_border_radius__hover_enabled=&#8220;off&#8220; button_one_border_radius__hover=&#8220;null&#8220; button_two_border_radius__hover_enabled=&#8220;off&#8220; button_two_border_radius__hover=&#8220;null&#8220; button_letter_spacing__hover_enabled=&#8220;off&#8220; button_letter_spacing__hover=&#8220;null&#8220; button_one_letter_spacing__hover_enabled=&#8220;off&#8220; button_one_letter_spacing__hover=&#8220;null&#8220; button_two_letter_spacing__hover_enabled=&#8220;off&#8220; button_two_letter_spacing__hover=&#8220;null&#8220; button_bg_color__hover_enabled=&#8220;off&#8220; button_bg_color__hover=&#8220;null&#8220; button_one_bg_color__hover_enabled=&#8220;off&#8220; button_one_bg_color__hover=&#8220;null&#8220; button_two_bg_color__hover_enabled=&#8220;off&#8220; button_two_bg_color__hover=&#8220;null&#8220;]&nbsp;<br \/>\n[\/et_pb_search][et_pb_sidebar orientation=&#8220;right&#8220; area=&#8220;cs-3&#8243; show_border=&#8220;off&#8220; admin_label=&#8220;Seitenleiste PROJEKTE&#8220; _builder_version=&#8220;3.18.9&#8243; header_text_color=&#8220;#213e64&#8243; body_text_color=&#8220;#213e64&#8243; custom_margin=&#8220;-28px|0px|-11px|0px&#8220; custom_padding=&#8220;0px|0px|0px|0px&#8220; saved_tabs=&#8220;all&#8220;]&nbsp;<br \/>\n[\/et_pb_sidebar][et_pb_image src=&#8220;https:\/\/www.iso-institut.de\/wp-content\/uploads\/2018\/10\/saar_mz_min-waev-d_std_3c.jpg&#8220; alt=&#8220;Logo DNS&#8220; title_text=&#8220;www.demografie-netzwerk-saar.de\/&#8220; url=&#8220;https:\/\/www.saarland.de\/ministerium_wirtschaft_arbeit_energie_verkehr.htm&#8220; url_new_window=&#8220;on&#8220; admin_label=&#8220;LOGO MWAEV&#8220; _builder_version=&#8220;3.23&#8243; custom_padding=&#8220;|50px||&#8220; always_center_on_mobile=&#8220;off&#8220;]&nbsp;<br \/>\n[\/et_pb_image][et_pb_image src=&#8220;https:\/\/www.iso-institut.de\/wp-content\/uploads\/2018\/12\/logo-efre-eu.png&#8220; alt=&#8220;Logo mit Link zu saaris&#8220; title_text=&#8220;https:\/\/www.saaris.de\/&#8220; url=&#8220;https:\/\/ec.europa.eu\/regional_policy\/de\/funding\/erdf\/&#8220; url_new_window=&#8220;on&#8220; align_tablet=&#8220;center&#8220; align_phone=&#8220;&#8220; align_last_edited=&#8220;on|desktop&#8220; admin_label=&#8220;LOGO efre eu&#8220; _builder_version=&#8220;3.23&#8243; custom_padding=&#8220;|50px||&#8220;]&nbsp;<br \/>\n[\/et_pb_image][\/et_pb_column][\/et_pb_section]<\/p>","protected":false},"excerpt":{"rendered":"<p>Das iso-Institut wird im Auftrag des Ministeriums f\u00fcr Wirtschaft, Arbeit, Energie und Verkehr in den kommenden Monaten ein regionales Demografie Netzwerk f\u00fcr saarl\u00e4ndische Unternehmen aufbauen, das den Betrieben mit praxisgerechten Unterst\u00fctzungsangeboten helfen soll, im demografischen Wandel wettbewerbs- und leistungsf\u00e4hig zu bleiben.<\/p>","protected":false},"author":1,"featured_media":2893,"comment_status":"closed","ping_status":"closed","template":"","meta":{"_acf_changed":false,"_et_pb_use_builder":"on","_et_pb_old_content":"","_et_gb_content_width":"","footnotes":""},"project_category":[29,37,30,31],"project_tag":[],"class_list":["post-4484","project","type-project","status-publish","has-post-thumbnail","hentry","project_category-abgeschlossene-projekte","project_category-beschaeftigungspolitik","project_category-forschungsprojekte","project_category-gestaltungsorientierte-projekte"],"acf":[],"yoast_head":"<!-- This site is optimized with the Yoast SEO plugin v25.6 - https:\/\/yoast.com\/wordpress\/plugins\/seo\/ -->\n<title>Entwicklung, Implementierung und Stabilisierung eines Demografie Netzwerkes Saar (I) - Institut f\u00fcr Sozialforschung und Sozialwirtschaft (iso)<\/title>\n<meta name=\"robots\" content=\"index, follow, max-snippet:-1, max-image-preview:large, max-video-preview:-1\" \/>\n<link rel=\"canonical\" href=\"https:\/\/www.iso-institut.de\/en\/project\/entwicklung-implementierung-und-stabilisierung-eines-demografie-netzwerkes-saar-dns-1\/\" \/>\n<meta property=\"og:locale\" content=\"en_GB\" \/>\n<meta property=\"og:type\" content=\"article\" \/>\n<meta property=\"og:title\" content=\"Entwicklung, Implementierung und Stabilisierung eines Demografie Netzwerkes Saar (I) - Institut f\u00fcr Sozialforschung und Sozialwirtschaft (iso)\" \/>\n<meta property=\"og:description\" content=\"Das iso-Institut wird im Auftrag des Ministeriums f\u00fcr Wirtschaft, Arbeit, Energie und Verkehr in den kommenden Monaten ein regionales Demografie Netzwerk f\u00fcr saarl\u00e4ndische Unternehmen aufbauen, das den Betrieben mit praxisgerechten Unterst\u00fctzungsangeboten helfen soll, im demografischen Wandel wettbewerbs- und leistungsf\u00e4hig zu bleiben.\" \/>\n<meta property=\"og:url\" content=\"https:\/\/www.iso-institut.de\/en\/project\/entwicklung-implementierung-und-stabilisierung-eines-demografie-netzwerkes-saar-dns-1\/\" \/>\n<meta property=\"og:site_name\" content=\"Institut f\u00fcr Sozialforschung und Sozialwirtschaft (iso)\" \/>\n<meta property=\"article:publisher\" content=\"https:\/\/www.facebook.com\/isoInstitut\/\" \/>\n<meta property=\"article:modified_time\" content=\"2021-04-29T14:38:14+00:00\" \/>\n<meta property=\"og:image\" content=\"https:\/\/www.iso-institut.de\/wp-content\/uploads\/2018\/11\/Logo_DNS_neu.jpg\" \/>\n\t<meta property=\"og:image:width\" content=\"478\" \/>\n\t<meta property=\"og:image:height\" content=\"173\" \/>\n\t<meta property=\"og:image:type\" content=\"image\/jpeg\" \/>\n<meta name=\"twitter:card\" content=\"summary_large_image\" \/>\n<meta name=\"twitter:label1\" content=\"Estimated reading time\" \/>\n\t<meta name=\"twitter:data1\" content=\"9 minutes\" \/>\n<script type=\"application\/ld+json\" class=\"yoast-schema-graph\">{\"@context\":\"https:\/\/schema.org\",\"@graph\":[{\"@type\":\"WebPage\",\"@id\":\"https:\/\/www.iso-institut.de\/project\/entwicklung-implementierung-und-stabilisierung-eines-demografie-netzwerkes-saar-dns-1\/\",\"url\":\"https:\/\/www.iso-institut.de\/project\/entwicklung-implementierung-und-stabilisierung-eines-demografie-netzwerkes-saar-dns-1\/\",\"name\":\"Entwicklung, Implementierung und Stabilisierung eines Demografie Netzwerkes Saar (I) - Institut f\u00fcr Sozialforschung und Sozialwirtschaft (iso)\",\"isPartOf\":{\"@id\":\"https:\/\/www.iso-institut.de\/#website\"},\"primaryImageOfPage\":{\"@id\":\"https:\/\/www.iso-institut.de\/project\/entwicklung-implementierung-und-stabilisierung-eines-demografie-netzwerkes-saar-dns-1\/#primaryimage\"},\"image\":{\"@id\":\"https:\/\/www.iso-institut.de\/project\/entwicklung-implementierung-und-stabilisierung-eines-demografie-netzwerkes-saar-dns-1\/#primaryimage\"},\"thumbnailUrl\":\"https:\/\/www.iso-institut.de\/wp-content\/uploads\/2018\/11\/Logo_DNS_neu.jpg\",\"datePublished\":\"2018-12-13T14:20:50+00:00\",\"dateModified\":\"2021-04-29T14:38:14+00:00\",\"breadcrumb\":{\"@id\":\"https:\/\/www.iso-institut.de\/project\/entwicklung-implementierung-und-stabilisierung-eines-demografie-netzwerkes-saar-dns-1\/#breadcrumb\"},\"inLanguage\":\"en-GB\",\"potentialAction\":[{\"@type\":\"ReadAction\",\"target\":[\"https:\/\/www.iso-institut.de\/project\/entwicklung-implementierung-und-stabilisierung-eines-demografie-netzwerkes-saar-dns-1\/\"]}]},{\"@type\":\"ImageObject\",\"inLanguage\":\"en-GB\",\"@id\":\"https:\/\/www.iso-institut.de\/project\/entwicklung-implementierung-und-stabilisierung-eines-demografie-netzwerkes-saar-dns-1\/#primaryimage\",\"url\":\"https:\/\/www.iso-institut.de\/wp-content\/uploads\/2018\/11\/Logo_DNS_neu.jpg\",\"contentUrl\":\"https:\/\/www.iso-institut.de\/wp-content\/uploads\/2018\/11\/Logo_DNS_neu.jpg\",\"width\":478,\"height\":173},{\"@type\":\"BreadcrumbList\",\"@id\":\"https:\/\/www.iso-institut.de\/project\/entwicklung-implementierung-und-stabilisierung-eines-demografie-netzwerkes-saar-dns-1\/#breadcrumb\",\"itemListElement\":[{\"@type\":\"ListItem\",\"position\":1,\"name\":\"Startseite\",\"item\":\"https:\/\/www.iso-institut.de\/\"},{\"@type\":\"ListItem\",\"position\":2,\"name\":\"Projekte\",\"item\":\"https:\/\/www.iso-institut.de\/project\/\"},{\"@type\":\"ListItem\",\"position\":3,\"name\":\"Entwicklung, Implementierung und Stabilisierung eines Demografie Netzwerkes Saar (I)\"}]},{\"@type\":\"WebSite\",\"@id\":\"https:\/\/www.iso-institut.de\/#website\",\"url\":\"https:\/\/www.iso-institut.de\/\",\"name\":\"Institut f\u00fcr Sozialforschung und Sozialwirtschaft (iso)\",\"description\":\"Die gr\u00f6\u00dfte selbst\u00e4ndige und unabh\u00e4ngige sozialwissenschaftliche Forschungseinrichtung im S\u00fcdwesten Deutschlands\",\"potentialAction\":[{\"@type\":\"SearchAction\",\"target\":{\"@type\":\"EntryPoint\",\"urlTemplate\":\"https:\/\/www.iso-institut.de\/?s={search_term_string}\"},\"query-input\":{\"@type\":\"PropertyValueSpecification\",\"valueRequired\":true,\"valueName\":\"search_term_string\"}}],\"inLanguage\":\"en-GB\"}]}<\/script>\n<!-- \/ Yoast SEO plugin. -->","yoast_head_json":{"title":"Entwicklung, Implementierung und Stabilisierung eines Demografie Netzwerkes Saar (I) - Institut f\u00fcr Sozialforschung und Sozialwirtschaft (iso)","robots":{"index":"index","follow":"follow","max-snippet":"max-snippet:-1","max-image-preview":"max-image-preview:large","max-video-preview":"max-video-preview:-1"},"canonical":"https:\/\/www.iso-institut.de\/en\/project\/entwicklung-implementierung-und-stabilisierung-eines-demografie-netzwerkes-saar-dns-1\/","og_locale":"en_GB","og_type":"article","og_title":"Entwicklung, Implementierung und Stabilisierung eines Demografie Netzwerkes Saar (I) - Institut f\u00fcr Sozialforschung und Sozialwirtschaft (iso)","og_description":"Das iso-Institut wird im Auftrag des Ministeriums f\u00fcr Wirtschaft, Arbeit, Energie und Verkehr in den kommenden Monaten ein regionales Demografie Netzwerk f\u00fcr saarl\u00e4ndische Unternehmen aufbauen, das den Betrieben mit praxisgerechten Unterst\u00fctzungsangeboten helfen soll, im demografischen Wandel wettbewerbs- und leistungsf\u00e4hig zu bleiben.","og_url":"https:\/\/www.iso-institut.de\/en\/project\/entwicklung-implementierung-und-stabilisierung-eines-demografie-netzwerkes-saar-dns-1\/","og_site_name":"Institut f\u00fcr Sozialforschung und Sozialwirtschaft (iso)","article_publisher":"https:\/\/www.facebook.com\/isoInstitut\/","article_modified_time":"2021-04-29T14:38:14+00:00","og_image":[{"width":478,"height":173,"url":"https:\/\/www.iso-institut.de\/wp-content\/uploads\/2018\/11\/Logo_DNS_neu.jpg","type":"image\/jpeg"}],"twitter_card":"summary_large_image","twitter_misc":{"Estimated reading time":"9 minutes"},"schema":{"@context":"https:\/\/schema.org","@graph":[{"@type":"WebPage","@id":"https:\/\/www.iso-institut.de\/project\/entwicklung-implementierung-und-stabilisierung-eines-demografie-netzwerkes-saar-dns-1\/","url":"https:\/\/www.iso-institut.de\/project\/entwicklung-implementierung-und-stabilisierung-eines-demografie-netzwerkes-saar-dns-1\/","name":"Entwicklung, Implementierung und Stabilisierung eines Demografie Netzwerkes Saar (I) - Institut f\u00fcr Sozialforschung und Sozialwirtschaft (iso)","isPartOf":{"@id":"https:\/\/www.iso-institut.de\/#website"},"primaryImageOfPage":{"@id":"https:\/\/www.iso-institut.de\/project\/entwicklung-implementierung-und-stabilisierung-eines-demografie-netzwerkes-saar-dns-1\/#primaryimage"},"image":{"@id":"https:\/\/www.iso-institut.de\/project\/entwicklung-implementierung-und-stabilisierung-eines-demografie-netzwerkes-saar-dns-1\/#primaryimage"},"thumbnailUrl":"https:\/\/www.iso-institut.de\/wp-content\/uploads\/2018\/11\/Logo_DNS_neu.jpg","datePublished":"2018-12-13T14:20:50+00:00","dateModified":"2021-04-29T14:38:14+00:00","breadcrumb":{"@id":"https:\/\/www.iso-institut.de\/project\/entwicklung-implementierung-und-stabilisierung-eines-demografie-netzwerkes-saar-dns-1\/#breadcrumb"},"inLanguage":"en-GB","potentialAction":[{"@type":"ReadAction","target":["https:\/\/www.iso-institut.de\/project\/entwicklung-implementierung-und-stabilisierung-eines-demografie-netzwerkes-saar-dns-1\/"]}]},{"@type":"ImageObject","inLanguage":"en-GB","@id":"https:\/\/www.iso-institut.de\/project\/entwicklung-implementierung-und-stabilisierung-eines-demografie-netzwerkes-saar-dns-1\/#primaryimage","url":"https:\/\/www.iso-institut.de\/wp-content\/uploads\/2018\/11\/Logo_DNS_neu.jpg","contentUrl":"https:\/\/www.iso-institut.de\/wp-content\/uploads\/2018\/11\/Logo_DNS_neu.jpg","width":478,"height":173},{"@type":"BreadcrumbList","@id":"https:\/\/www.iso-institut.de\/project\/entwicklung-implementierung-und-stabilisierung-eines-demografie-netzwerkes-saar-dns-1\/#breadcrumb","itemListElement":[{"@type":"ListItem","position":1,"name":"Startseite","item":"https:\/\/www.iso-institut.de\/"},{"@type":"ListItem","position":2,"name":"Projekte","item":"https:\/\/www.iso-institut.de\/project\/"},{"@type":"ListItem","position":3,"name":"Entwicklung, Implementierung und Stabilisierung eines Demografie Netzwerkes Saar (I)"}]},{"@type":"WebSite","@id":"https:\/\/www.iso-institut.de\/#website","url":"https:\/\/www.iso-institut.de\/","name":"Institut f\u00fcr Sozialforschung und Sozialwirtschaft (iso)","description":"Die gr\u00f6\u00dfte selbst\u00e4ndige und unabh\u00e4ngige sozialwissenschaftliche Forschungseinrichtung im S\u00fcdwesten Deutschlands","potentialAction":[{"@type":"SearchAction","target":{"@type":"EntryPoint","urlTemplate":"https:\/\/www.iso-institut.de\/?s={search_term_string}"},"query-input":{"@type":"PropertyValueSpecification","valueRequired":true,"valueName":"search_term_string"}}],"inLanguage":"en-GB"}]}},"_links":{"self":[{"href":"https:\/\/www.iso-institut.de\/en\/wp-json\/wp\/v2\/project\/4484"}],"collection":[{"href":"https:\/\/www.iso-institut.de\/en\/wp-json\/wp\/v2\/project"}],"about":[{"href":"https:\/\/www.iso-institut.de\/en\/wp-json\/wp\/v2\/types\/project"}],"author":[{"embeddable":true,"href":"https:\/\/www.iso-institut.de\/en\/wp-json\/wp\/v2\/users\/1"}],"replies":[{"embeddable":true,"href":"https:\/\/www.iso-institut.de\/en\/wp-json\/wp\/v2\/comments?post=4484"}],"version-history":[{"count":3,"href":"https:\/\/www.iso-institut.de\/en\/wp-json\/wp\/v2\/project\/4484\/revisions"}],"predecessor-version":[{"id":9681,"href":"https:\/\/www.iso-institut.de\/en\/wp-json\/wp\/v2\/project\/4484\/revisions\/9681"}],"wp:featuredmedia":[{"embeddable":true,"href":"https:\/\/www.iso-institut.de\/en\/wp-json\/wp\/v2\/media\/2893"}],"wp:attachment":[{"href":"https:\/\/www.iso-institut.de\/en\/wp-json\/wp\/v2\/media?parent=4484"}],"wp:term":[{"taxonomy":"project_category","embeddable":true,"href":"https:\/\/www.iso-institut.de\/en\/wp-json\/wp\/v2\/project_category?post=4484"},{"taxonomy":"project_tag","embeddable":true,"href":"https:\/\/www.iso-institut.de\/en\/wp-json\/wp\/v2\/project_tag?post=4484"}],"curies":[{"name":"wp","href":"https:\/\/api.w.org\/{rel}","templated":true}]}}