{"id":5453,"date":"2019-02-19T13:12:14","date_gmt":"2019-02-19T12:12:14","guid":{"rendered":"https:\/\/www.iso-institut.de\/?page_id=5453"},"modified":"2023-11-23T10:47:05","modified_gmt":"2023-11-23T09:47:05","slug":"verbesserung-der-versorgung-pflegebeduerftiger-menschen-bmg-v","status":"publish","type":"project","link":"https:\/\/www.iso-institut.de\/en\/project\/verbesserung-der-versorgung-pflegebeduerftiger-menschen-bmg-v\/","title":{"rendered":"Verbesserung der Versorgung pflegebed\u00fcrftiger Menschen (BMG V)"},"content":{"rendered":"<p>[et_pb_section fb_built=&#8220;1&#8243; inner_shadow=&#8220;on&#8220; fullwidth=&#8220;on&#8220; _builder_version=&#8220;4.16&#8243; background_color=&#8220;#2ea3f2&#8243; use_background_color_gradient=&#8220;on&#8220; background_color_gradient_direction=&#8220;330deg&#8220; background_color_gradient_stops=&#8220;#2ea3f2 0%|#2e6df4 100%&#8220; background_color_gradient_start=&#8220;#2ea3f2&#8243; background_color_gradient_end=&#8220;#2e6df4&#8243; global_colors_info=&#8220;{}&#8220;][et_pb_fullwidth_header title=&#8220;Verbesserung der Versorgung pflegebed\u00fcrftiger Menschen (BMG V)&#8220; subhead=&#8220;01.01.2013 \u2013 30.06.2014&#8243; admin_label=&#8220;Vollbreite Verbesserung der Versorgung pflegebed\u00fcrftiger Menschen (BMG V)&#8220; _builder_version=&#8220;4.16&#8243; custom_margin=&#8220;-40px||-40px||true&#8220; global_colors_info=&#8220;{}&#8220; button_one_text_size__hover_enabled=&#8220;off&#8220; button_one_text_size__hover=&#8220;null&#8220; button_two_text_size__hover_enabled=&#8220;off&#8220; button_two_text_size__hover=&#8220;null&#8220; button_one_text_color__hover_enabled=&#8220;off&#8220; button_one_text_color__hover=&#8220;null&#8220; button_two_text_color__hover_enabled=&#8220;off&#8220; button_two_text_color__hover=&#8220;null&#8220; button_one_border_width__hover_enabled=&#8220;off&#8220; button_one_border_width__hover=&#8220;null&#8220; button_two_border_width__hover_enabled=&#8220;off&#8220; button_two_border_width__hover=&#8220;null&#8220; button_one_border_color__hover_enabled=&#8220;off&#8220; button_one_border_color__hover=&#8220;null&#8220; button_two_border_color__hover_enabled=&#8220;off&#8220; button_two_border_color__hover=&#8220;null&#8220; button_one_border_radius__hover_enabled=&#8220;off&#8220; button_one_border_radius__hover=&#8220;null&#8220; button_two_border_radius__hover_enabled=&#8220;off&#8220; button_two_border_radius__hover=&#8220;null&#8220; button_one_letter_spacing__hover_enabled=&#8220;off&#8220; button_one_letter_spacing__hover=&#8220;null&#8220; button_two_letter_spacing__hover_enabled=&#8220;off&#8220; button_two_letter_spacing__hover=&#8220;null&#8220; button_one_bg_color__hover_enabled=&#8220;off&#8220; button_one_bg_color__hover=&#8220;null&#8220; button_two_bg_color__hover_enabled=&#8220;off&#8220; button_two_bg_color__hover=&#8220;null&#8220;][\/et_pb_fullwidth_header][\/et_pb_section][et_pb_section fb_built=&#8220;1&#8243; specialty=&#8220;on&#8220; _builder_version=&#8220;4.16&#8243; custom_padding=&#8220;54px|0px|0|0px|false|false&#8220; global_colors_info=&#8220;{}&#8220;][et_pb_column type=&#8220;3_4&#8243; specialty_columns=&#8220;3&#8243; _builder_version=&#8220;4.16&#8243; custom_padding=&#8220;|||&#8220; global_colors_info=&#8220;{}&#8220; parallax__hover=&#8220;off&#8220; parallax_method__hover=&#8220;on&#8220; custom_padding__hover=&#8220;|||&#8220;][et_pb_row_inner _builder_version=&#8220;4.16&#8243; global_colors_info=&#8220;{}&#8220;][et_pb_column_inner saved_specialty_column_type=&#8220;3_4&#8243; _builder_version=&#8220;4.16&#8243; custom_padding=&#8220;|||&#8220; global_colors_info=&#8220;{}&#8220; parallax__hover=&#8220;off&#8220; parallax_method__hover=&#8220;on&#8220; custom_padding__hover=&#8220;|||&#8220;][et_pb_text admin_label=&#8220;Text Verbesserung der Versorgung pflegebed\u00fcrftiger Menschen (BMG V)&#8220; _builder_version=&#8220;4.16&#8243; background_size=&#8220;initial&#8220; background_position=&#8220;top_left&#8220; background_repeat=&#8220;repeat&#8220; inline_fonts=&#8220;Verdana&#8220; global_colors_info=&#8220;{}&#8220;]<\/p>\n<p style=\"text-align: left;\">Das Modellprogramm \u201eVerbesserung der Versorgung Pflegebed\u00fcrftiger\u201c wird seit fast zwei Jahrzehnten vom iso-Institut wissenschaftlich begleitet. Es startete 1991 mit dem Ziel die Pflegeversicherung vorzubereiten und sp\u00e4ter ihre Umsetzung zu begleiten. Im Rahmen des Modellprogramms sind bundesweit etwa 600 Modellprojekte gef\u00f6rdert worden, die entscheidend zur Modernisierung der Versorgungsinfrastruktur in Deutschland beigetragen haben.<\/p>\n<p style=\"text-align: left;\">Die wissenschaftliche Begleitung des Modellprogramms hat mehrere Phasen durchlaufen, wobei es die ersten eineinhalb Jahrzehnte (BMG I und II) vor allem darum ging, die Vielzahl der gef\u00f6rderten Projekte konzeptionell zu beraten, den Implementierungsprozess ausgew\u00e4hlter Modelle und die Wirkung bestimmter Ma\u00dfnahmen zu evaluieren und die Ergebnisse in der eigens f\u00fcr das Modellprogramm gef\u00fchrten Schriftenreihe zu ver\u00f6ffentlichen (18 B\u00e4nde).<\/p>\n<p style=\"text-align: left;\">In der dritten Phase des Modellprogramms (BMG III) sind keine neuen Modelle mehr gef\u00f6rdert worden. Eine Aufgabe der wissenschaftlichen Begleitung war es, die gesammelten Erkenntnisse aus BMG I und II so aufzubereiten, dass sie in einer \u201ehandlichen\u201c Form an Dritte weitergegeben werden k\u00f6nnen. Die zentrale Aufgabe war aber, gemeinsam mit dem Bundesministerium f\u00fcr Gesundheit, Perspektiven und Visionen f\u00fcr die Weiterentwicklung der Pflegeversicherung zu erarbeiten.<\/p>\n<p style=\"text-align: left;\">In der vierten und nun laufenden f\u00fcnften Phase des Modellprogramms (BMG IV und V) lag der Schwerpunkt der Begleitforschung auf der Beratung und Unterst\u00fctzung des Bundesministeriums f\u00fcr Gesundheit bei der inhaltlichen Ausgestaltung des Modellprogramms. Dazu geh\u00f6rten die inhaltliche Vorbereitung von Ausschreibungen zu wissenschaftlichen Studien und Modellvorhaben, die gutachterliche T\u00e4tigkeit bei der Auswahl der Angebote, die Bewertung von Initiativantr\u00e4gen sowie die Erarbeitung von Expertisen, die f\u00fcr die konzeptionelle Weiterentwicklung der Pflegeversicherung von Bedeutung sind. Dar\u00fcber hinaus wurden vom iso-Institut die Daten und Erkenntnisse aus den wissenschaftlichen Studien und Modellvorhaben so aufbereitet, dass sie f\u00fcr das gesetzgeberische Handeln von Nutzen sind. Im Rahmen des Modellprogramms k\u00f6nnen sich auch die gef\u00f6rderten wissenschaftlichen Einrichtungen sowie die Tr\u00e4ger von Modellvorhaben vom iso-Institut beraten lassen.<\/p>\n<p>[\/et_pb_text][\/et_pb_column_inner][\/et_pb_row_inner][et_pb_row_inner use_custom_gutter=&#8220;on&#8220; gutter_width=&#8220;2&#8243; admin_label=&#8220;Liste&#8220; _builder_version=&#8220;4.16&#8243; custom_padding=&#8220;0|0px|29.6875px|0px|false|false&#8220; global_colors_info=&#8220;{}&#8220;][et_pb_column_inner saved_specialty_column_type=&#8220;3_4&#8243; _builder_version=&#8220;4.16&#8243; custom_padding=&#8220;|||&#8220; global_colors_info=&#8220;{}&#8220; parallax__hover=&#8220;off&#8220; parallax_method__hover=&#8220;on&#8220; custom_padding__hover=&#8220;|||&#8220;][et_pb_blurb title=&#8220;Projektlaufzeit:&#8220; use_icon=&#8220;on&#8220; font_icon=&#8220;&#x5a;||divi||400&#8243; icon_placement=&#8220;left&#8220; content_max_width=&#8220;1100px&#8220; image_icon_width_last_edited=&#8220;off|desktop&#8220; admin_label=&#8220;Projektlaufzeit:&#8220; _builder_version=&#8220;4.16&#8243; header_font=&#8220;|600|||||||&#8220; header_line_height=&#8220;1.6em&#8220; body_font_size=&#8220;15px&#8220; body_line_height=&#8220;2em&#8220; header_font_size_tablet=&#8220;&#8220; header_font_size_phone=&#8220;15px&#8220; header_font_size_last_edited=&#8220;on|phone&#8220; body_line_height_tablet=&#8220;&#8220; body_line_height_phone=&#8220;1.6em&#8220; body_line_height_last_edited=&#8220;on|phone&#8220; image_max_width_phone=&#8220;50px&#8220; image_max_width_last_edited=&#8220;off|desktop&#8220; saved_tabs=&#8220;all&#8220; global_colors_info=&#8220;{}&#8220;]<\/p>\n<p><span style=\"color: #333333;\">01.01.2013 \u2013 30.06.2014<\/span><\/p>\n<p>[\/et_pb_blurb][et_pb_blurb title=&#8220;Projektleitung:&#8220; use_icon=&#8220;on&#8220; font_icon=&#8220;&#x5a;||divi||400&#8243; icon_placement=&#8220;left&#8220; content_max_width=&#8220;1100px&#8220; image_icon_width_last_edited=&#8220;off|desktop&#8220; admin_label=&#8220;Projektleitung:&#8220; _builder_version=&#8220;4.16&#8243; header_font=&#8220;|600|||||||&#8220; header_line_height=&#8220;1.6em&#8220; body_font_size=&#8220;15px&#8220; body_line_height=&#8220;2em&#8220; header_font_size_tablet=&#8220;&#8220; header_font_size_phone=&#8220;15px&#8220; header_font_size_last_edited=&#8220;on|phone&#8220; body_line_height_tablet=&#8220;&#8220; body_line_height_phone=&#8220;1.6em&#8220; body_line_height_last_edited=&#8220;on|phone&#8220; image_max_width_phone=&#8220;50px&#8220; image_max_width_last_edited=&#8220;off|desktop&#8220; saved_tabs=&#8220;all&#8220; global_colors_info=&#8220;{}&#8220;]<\/p>\n<p><span style=\"color: #333333;\">Carola Schweizer\u00a0<\/span><\/p>\n<p>[\/et_pb_blurb][et_pb_blurb title=&#8220;Weitere Informationen:&#8220; use_icon=&#8220;on&#8220; font_icon=&#8220;&#x5a;||divi||400&#8243; icon_placement=&#8220;left&#8220; content_max_width=&#8220;1100px&#8220; image_icon_width_last_edited=&#8220;off|desktop&#8220; admin_label=&#8220;Weitere Informationen:&#8220; _builder_version=&#8220;4.16&#8243; header_font=&#8220;|600|||||||&#8220; header_line_height=&#8220;1.6em&#8220; body_font_size=&#8220;15px&#8220; body_line_height=&#8220;2em&#8220; header_font_size_tablet=&#8220;&#8220; header_font_size_phone=&#8220;15px&#8220; header_font_size_last_edited=&#8220;on|phone&#8220; body_line_height_tablet=&#8220;&#8220; body_line_height_phone=&#8220;1.6em&#8220; body_line_height_last_edited=&#8220;on|phone&#8220; image_max_width_phone=&#8220;50px&#8220; image_max_width_last_edited=&#8220;off|desktop&#8220; saved_tabs=&#8220;all&#8220; global_colors_info=&#8220;{}&#8220;]<\/p>\n<p><span style=\"color: #333333;\">&#8211;<\/span><\/p>\n<p>[\/et_pb_blurb][\/et_pb_column_inner][\/et_pb_row_inner][\/et_pb_column][et_pb_column type=&#8220;1_4&#8243; _builder_version=&#8220;4.16&#8243; custom_padding=&#8220;|||&#8220; global_colors_info=&#8220;{}&#8220; parallax__hover=&#8220;off&#8220; parallax_method__hover=&#8220;on&#8220; custom_padding__hover=&#8220;|||&#8220;][et_pb_search exclude_pages=&#8220;off&#8220; _builder_version=&#8220;4.16&#8243; global_colors_info=&#8220;{}&#8220; button_text_size__hover_enabled=&#8220;off&#8220; button_text_size__hover=&#8220;null&#8220; button_one_text_size__hover_enabled=&#8220;off&#8220; button_one_text_size__hover=&#8220;null&#8220; button_two_text_size__hover_enabled=&#8220;off&#8220; button_two_text_size__hover=&#8220;null&#8220; button_text_color__hover_enabled=&#8220;off&#8220; button_text_color__hover=&#8220;null&#8220; button_one_text_color__hover_enabled=&#8220;off&#8220; button_one_text_color__hover=&#8220;null&#8220; button_two_text_color__hover_enabled=&#8220;off&#8220; button_two_text_color__hover=&#8220;null&#8220; button_border_width__hover_enabled=&#8220;off&#8220; button_border_width__hover=&#8220;null&#8220; button_one_border_width__hover_enabled=&#8220;off&#8220; button_one_border_width__hover=&#8220;null&#8220; button_two_border_width__hover_enabled=&#8220;off&#8220; button_two_border_width__hover=&#8220;null&#8220; button_border_color__hover_enabled=&#8220;off&#8220; button_border_color__hover=&#8220;null&#8220; button_one_border_color__hover_enabled=&#8220;off&#8220; button_one_border_color__hover=&#8220;null&#8220; button_two_border_color__hover_enabled=&#8220;off&#8220; button_two_border_color__hover=&#8220;null&#8220; button_border_radius__hover_enabled=&#8220;off&#8220; button_border_radius__hover=&#8220;null&#8220; button_one_border_radius__hover_enabled=&#8220;off&#8220; button_one_border_radius__hover=&#8220;null&#8220; button_two_border_radius__hover_enabled=&#8220;off&#8220; button_two_border_radius__hover=&#8220;null&#8220; button_letter_spacing__hover_enabled=&#8220;off&#8220; button_letter_spacing__hover=&#8220;null&#8220; button_one_letter_spacing__hover_enabled=&#8220;off&#8220; button_one_letter_spacing__hover=&#8220;null&#8220; button_two_letter_spacing__hover_enabled=&#8220;off&#8220; button_two_letter_spacing__hover=&#8220;null&#8220; button_bg_color__hover_enabled=&#8220;off&#8220; button_bg_color__hover=&#8220;null&#8220; button_one_bg_color__hover_enabled=&#8220;off&#8220; button_one_bg_color__hover=&#8220;null&#8220; button_two_bg_color__hover_enabled=&#8220;off&#8220; button_two_bg_color__hover=&#8220;null&#8220;]<\/p>\n<p>\n&nbsp;<\/p>\n<p>[\/et_pb_search][et_pb_sidebar orientation=&#8220;right&#8220; area=&#8220;cs-3&#8243; show_border=&#8220;off&#8220; admin_label=&#8220;Seitenleiste PROJEKTE&#8220; _builder_version=&#8220;4.16&#8243; header_text_color=&#8220;#213e64&#8243; body_text_color=&#8220;#213e64&#8243; custom_margin=&#8220;-28px|0px|-11px|0px&#8220; custom_padding=&#8220;0px|0px|0px|0px&#8220; saved_tabs=&#8220;all&#8220; global_colors_info=&#8220;{}&#8220;]<\/p>\n<p>\n&nbsp;<\/p>\n<p>[\/et_pb_sidebar][\/et_pb_column][\/et_pb_section]<\/p>","protected":false},"excerpt":{"rendered":"<p>Das Modellprogramm \u201eVerbesserung der Versorgung Pflegebed\u00fcrftiger\u201c wird seit fast zwei Jahrzehnten vom iso-Institut wissenschaftlich begleitet. Es startete 1991 mit dem Ziel die Pflegeversicherung vorzubereiten und sp\u00e4ter ihre Umsetzung zu begleiten. Im Rahmen des Modellprogramms sind bundesweit etwa 600 Modellprojekte gef\u00f6rdert worden, die entscheidend zur Modernisierung der Versorgungsinfrastruktur in Deutschland beigetragen haben.<\/p>","protected":false},"author":1,"featured_media":8039,"comment_status":"closed","ping_status":"closed","template":"","meta":{"_acf_changed":false,"_et_pb_use_builder":"on","_et_pb_old_content":"","_et_gb_content_width":"","footnotes":""},"project_category":[29,36,35],"project_tag":[],"class_list":["post-5453","project","type-project","status-publish","has-post-thumbnail","hentry","project_category-abgeschlossene-projekte","project_category-evaluationen","project_category-versorgungsinnovationen"],"acf":[],"yoast_head":"<!-- This site is optimized with the Yoast SEO plugin v25.6 - https:\/\/yoast.com\/wordpress\/plugins\/seo\/ -->\n<title>Verbesserung der Versorgung pflegebed\u00fcrftiger Menschen (BMG V) - Institut f\u00fcr Sozialforschung und Sozialwirtschaft (iso)<\/title>\n<meta name=\"robots\" content=\"index, follow, max-snippet:-1, max-image-preview:large, max-video-preview:-1\" \/>\n<link rel=\"canonical\" href=\"https:\/\/www.iso-institut.de\/en\/project\/verbesserung-der-versorgung-pflegebeduerftiger-menschen-bmg-v\/\" \/>\n<meta property=\"og:locale\" content=\"en_GB\" \/>\n<meta property=\"og:type\" content=\"article\" \/>\n<meta property=\"og:title\" content=\"Verbesserung der Versorgung pflegebed\u00fcrftiger Menschen (BMG V) - Institut f\u00fcr Sozialforschung und Sozialwirtschaft (iso)\" \/>\n<meta property=\"og:description\" content=\"Das Modellprogramm \u201eVerbesserung der Versorgung Pflegebed\u00fcrftiger\u201c wird seit fast zwei Jahrzehnten vom iso-Institut wissenschaftlich begleitet. Es startete 1991 mit dem Ziel die Pflegeversicherung vorzubereiten und sp\u00e4ter ihre Umsetzung zu begleiten. Im Rahmen des Modellprogramms sind bundesweit etwa 600 Modellprojekte gef\u00f6rdert worden, die entscheidend zur Modernisierung der Versorgungsinfrastruktur in Deutschland beigetragen haben.\" \/>\n<meta property=\"og:url\" content=\"https:\/\/www.iso-institut.de\/en\/project\/verbesserung-der-versorgung-pflegebeduerftiger-menschen-bmg-v\/\" \/>\n<meta property=\"og:site_name\" content=\"Institut f\u00fcr Sozialforschung und Sozialwirtschaft (iso)\" \/>\n<meta property=\"article:publisher\" content=\"https:\/\/www.facebook.com\/isoInstitut\/\" \/>\n<meta property=\"article:modified_time\" content=\"2023-11-23T09:47:05+00:00\" \/>\n<meta property=\"og:image\" content=\"https:\/\/www.iso-institut.de\/wp-content\/uploads\/hearing-aid-1490115_1280.jpg\" \/>\n\t<meta property=\"og:image:width\" content=\"960\" \/>\n\t<meta property=\"og:image:height\" content=\"960\" \/>\n\t<meta property=\"og:image:type\" content=\"image\/jpeg\" \/>\n<meta name=\"twitter:card\" content=\"summary_large_image\" \/>\n<meta name=\"twitter:label1\" content=\"Estimated reading time\" \/>\n\t<meta name=\"twitter:data1\" content=\"4 minutes\" \/>\n<script type=\"application\/ld+json\" class=\"yoast-schema-graph\">{\"@context\":\"https:\/\/schema.org\",\"@graph\":[{\"@type\":\"WebPage\",\"@id\":\"https:\/\/www.iso-institut.de\/project\/verbesserung-der-versorgung-pflegebeduerftiger-menschen-bmg-v\/\",\"url\":\"https:\/\/www.iso-institut.de\/project\/verbesserung-der-versorgung-pflegebeduerftiger-menschen-bmg-v\/\",\"name\":\"Verbesserung der Versorgung pflegebed\u00fcrftiger Menschen (BMG V) - Institut f\u00fcr Sozialforschung und Sozialwirtschaft (iso)\",\"isPartOf\":{\"@id\":\"https:\/\/www.iso-institut.de\/#website\"},\"primaryImageOfPage\":{\"@id\":\"https:\/\/www.iso-institut.de\/project\/verbesserung-der-versorgung-pflegebeduerftiger-menschen-bmg-v\/#primaryimage\"},\"image\":{\"@id\":\"https:\/\/www.iso-institut.de\/project\/verbesserung-der-versorgung-pflegebeduerftiger-menschen-bmg-v\/#primaryimage\"},\"thumbnailUrl\":\"https:\/\/www.iso-institut.de\/wp-content\/uploads\/hearing-aid-1490115_1280.jpg\",\"datePublished\":\"2019-02-19T12:12:14+00:00\",\"dateModified\":\"2023-11-23T09:47:05+00:00\",\"breadcrumb\":{\"@id\":\"https:\/\/www.iso-institut.de\/project\/verbesserung-der-versorgung-pflegebeduerftiger-menschen-bmg-v\/#breadcrumb\"},\"inLanguage\":\"en-GB\",\"potentialAction\":[{\"@type\":\"ReadAction\",\"target\":[\"https:\/\/www.iso-institut.de\/project\/verbesserung-der-versorgung-pflegebeduerftiger-menschen-bmg-v\/\"]}]},{\"@type\":\"ImageObject\",\"inLanguage\":\"en-GB\",\"@id\":\"https:\/\/www.iso-institut.de\/project\/verbesserung-der-versorgung-pflegebeduerftiger-menschen-bmg-v\/#primaryimage\",\"url\":\"https:\/\/www.iso-institut.de\/wp-content\/uploads\/hearing-aid-1490115_1280.jpg\",\"contentUrl\":\"https:\/\/www.iso-institut.de\/wp-content\/uploads\/hearing-aid-1490115_1280.jpg\",\"width\":960,\"height\":960},{\"@type\":\"BreadcrumbList\",\"@id\":\"https:\/\/www.iso-institut.de\/project\/verbesserung-der-versorgung-pflegebeduerftiger-menschen-bmg-v\/#breadcrumb\",\"itemListElement\":[{\"@type\":\"ListItem\",\"position\":1,\"name\":\"Startseite\",\"item\":\"https:\/\/www.iso-institut.de\/\"},{\"@type\":\"ListItem\",\"position\":2,\"name\":\"Projekte\",\"item\":\"https:\/\/www.iso-institut.de\/project\/\"},{\"@type\":\"ListItem\",\"position\":3,\"name\":\"Verbesserung der Versorgung pflegebed\u00fcrftiger Menschen (BMG V)\"}]},{\"@type\":\"WebSite\",\"@id\":\"https:\/\/www.iso-institut.de\/#website\",\"url\":\"https:\/\/www.iso-institut.de\/\",\"name\":\"Institut f\u00fcr Sozialforschung und Sozialwirtschaft (iso)\",\"description\":\"Die gr\u00f6\u00dfte selbst\u00e4ndige und unabh\u00e4ngige sozialwissenschaftliche Forschungseinrichtung im S\u00fcdwesten Deutschlands\",\"potentialAction\":[{\"@type\":\"SearchAction\",\"target\":{\"@type\":\"EntryPoint\",\"urlTemplate\":\"https:\/\/www.iso-institut.de\/?s={search_term_string}\"},\"query-input\":{\"@type\":\"PropertyValueSpecification\",\"valueRequired\":true,\"valueName\":\"search_term_string\"}}],\"inLanguage\":\"en-GB\"}]}<\/script>\n<!-- \/ Yoast SEO plugin. -->","yoast_head_json":{"title":"Verbesserung der Versorgung pflegebed\u00fcrftiger Menschen (BMG V) - Institut f\u00fcr Sozialforschung und Sozialwirtschaft (iso)","robots":{"index":"index","follow":"follow","max-snippet":"max-snippet:-1","max-image-preview":"max-image-preview:large","max-video-preview":"max-video-preview:-1"},"canonical":"https:\/\/www.iso-institut.de\/en\/project\/verbesserung-der-versorgung-pflegebeduerftiger-menschen-bmg-v\/","og_locale":"en_GB","og_type":"article","og_title":"Verbesserung der Versorgung pflegebed\u00fcrftiger Menschen (BMG V) - Institut f\u00fcr Sozialforschung und Sozialwirtschaft (iso)","og_description":"Das Modellprogramm \u201eVerbesserung der Versorgung Pflegebed\u00fcrftiger\u201c wird seit fast zwei Jahrzehnten vom iso-Institut wissenschaftlich begleitet. Es startete 1991 mit dem Ziel die Pflegeversicherung vorzubereiten und sp\u00e4ter ihre Umsetzung zu begleiten. Im Rahmen des Modellprogramms sind bundesweit etwa 600 Modellprojekte gef\u00f6rdert worden, die entscheidend zur Modernisierung der Versorgungsinfrastruktur in Deutschland beigetragen haben.","og_url":"https:\/\/www.iso-institut.de\/en\/project\/verbesserung-der-versorgung-pflegebeduerftiger-menschen-bmg-v\/","og_site_name":"Institut f\u00fcr Sozialforschung und Sozialwirtschaft (iso)","article_publisher":"https:\/\/www.facebook.com\/isoInstitut\/","article_modified_time":"2023-11-23T09:47:05+00:00","og_image":[{"width":960,"height":960,"url":"https:\/\/www.iso-institut.de\/wp-content\/uploads\/hearing-aid-1490115_1280.jpg","type":"image\/jpeg"}],"twitter_card":"summary_large_image","twitter_misc":{"Estimated reading time":"4 minutes"},"schema":{"@context":"https:\/\/schema.org","@graph":[{"@type":"WebPage","@id":"https:\/\/www.iso-institut.de\/project\/verbesserung-der-versorgung-pflegebeduerftiger-menschen-bmg-v\/","url":"https:\/\/www.iso-institut.de\/project\/verbesserung-der-versorgung-pflegebeduerftiger-menschen-bmg-v\/","name":"Verbesserung der Versorgung pflegebed\u00fcrftiger Menschen (BMG V) - Institut f\u00fcr Sozialforschung und Sozialwirtschaft (iso)","isPartOf":{"@id":"https:\/\/www.iso-institut.de\/#website"},"primaryImageOfPage":{"@id":"https:\/\/www.iso-institut.de\/project\/verbesserung-der-versorgung-pflegebeduerftiger-menschen-bmg-v\/#primaryimage"},"image":{"@id":"https:\/\/www.iso-institut.de\/project\/verbesserung-der-versorgung-pflegebeduerftiger-menschen-bmg-v\/#primaryimage"},"thumbnailUrl":"https:\/\/www.iso-institut.de\/wp-content\/uploads\/hearing-aid-1490115_1280.jpg","datePublished":"2019-02-19T12:12:14+00:00","dateModified":"2023-11-23T09:47:05+00:00","breadcrumb":{"@id":"https:\/\/www.iso-institut.de\/project\/verbesserung-der-versorgung-pflegebeduerftiger-menschen-bmg-v\/#breadcrumb"},"inLanguage":"en-GB","potentialAction":[{"@type":"ReadAction","target":["https:\/\/www.iso-institut.de\/project\/verbesserung-der-versorgung-pflegebeduerftiger-menschen-bmg-v\/"]}]},{"@type":"ImageObject","inLanguage":"en-GB","@id":"https:\/\/www.iso-institut.de\/project\/verbesserung-der-versorgung-pflegebeduerftiger-menschen-bmg-v\/#primaryimage","url":"https:\/\/www.iso-institut.de\/wp-content\/uploads\/hearing-aid-1490115_1280.jpg","contentUrl":"https:\/\/www.iso-institut.de\/wp-content\/uploads\/hearing-aid-1490115_1280.jpg","width":960,"height":960},{"@type":"BreadcrumbList","@id":"https:\/\/www.iso-institut.de\/project\/verbesserung-der-versorgung-pflegebeduerftiger-menschen-bmg-v\/#breadcrumb","itemListElement":[{"@type":"ListItem","position":1,"name":"Startseite","item":"https:\/\/www.iso-institut.de\/"},{"@type":"ListItem","position":2,"name":"Projekte","item":"https:\/\/www.iso-institut.de\/project\/"},{"@type":"ListItem","position":3,"name":"Verbesserung der Versorgung pflegebed\u00fcrftiger Menschen (BMG V)"}]},{"@type":"WebSite","@id":"https:\/\/www.iso-institut.de\/#website","url":"https:\/\/www.iso-institut.de\/","name":"Institut f\u00fcr Sozialforschung und Sozialwirtschaft (iso)","description":"Die gr\u00f6\u00dfte selbst\u00e4ndige und unabh\u00e4ngige sozialwissenschaftliche Forschungseinrichtung im S\u00fcdwesten Deutschlands","potentialAction":[{"@type":"SearchAction","target":{"@type":"EntryPoint","urlTemplate":"https:\/\/www.iso-institut.de\/?s={search_term_string}"},"query-input":{"@type":"PropertyValueSpecification","valueRequired":true,"valueName":"search_term_string"}}],"inLanguage":"en-GB"}]}},"_links":{"self":[{"href":"https:\/\/www.iso-institut.de\/en\/wp-json\/wp\/v2\/project\/5453"}],"collection":[{"href":"https:\/\/www.iso-institut.de\/en\/wp-json\/wp\/v2\/project"}],"about":[{"href":"https:\/\/www.iso-institut.de\/en\/wp-json\/wp\/v2\/types\/project"}],"author":[{"embeddable":true,"href":"https:\/\/www.iso-institut.de\/en\/wp-json\/wp\/v2\/users\/1"}],"replies":[{"embeddable":true,"href":"https:\/\/www.iso-institut.de\/en\/wp-json\/wp\/v2\/comments?post=5453"}],"version-history":[{"count":3,"href":"https:\/\/www.iso-institut.de\/en\/wp-json\/wp\/v2\/project\/5453\/revisions"}],"predecessor-version":[{"id":12982,"href":"https:\/\/www.iso-institut.de\/en\/wp-json\/wp\/v2\/project\/5453\/revisions\/12982"}],"wp:featuredmedia":[{"embeddable":true,"href":"https:\/\/www.iso-institut.de\/en\/wp-json\/wp\/v2\/media\/8039"}],"wp:attachment":[{"href":"https:\/\/www.iso-institut.de\/en\/wp-json\/wp\/v2\/media?parent=5453"}],"wp:term":[{"taxonomy":"project_category","embeddable":true,"href":"https:\/\/www.iso-institut.de\/en\/wp-json\/wp\/v2\/project_category?post=5453"},{"taxonomy":"project_tag","embeddable":true,"href":"https:\/\/www.iso-institut.de\/en\/wp-json\/wp\/v2\/project_tag?post=5453"}],"curies":[{"name":"wp","href":"https:\/\/api.w.org\/{rel}","templated":true}]}}